{"id":401973,"date":"2026-04-23T09:32:04","date_gmt":"2026-04-23T07:31:26","guid":{"rendered":"https:\/\/celebranti.com\/celebrant\/giorgia-vettoretti\/"},"modified":"2026-04-23T11:32:04","modified_gmt":"2026-04-23T09:32:04","slug":"giorgia-vettoretti","status":"publish","type":"at_biz_dir","link":"https:\/\/celebranti.com\/en\/celebrant\/giorgia-vettoretti\/","title":{"rendered":"Giorgia Vettoretti"},"content":{"rendered":"<p>Ciao e benvenuti nel mio profilo, sono Giorgia Vettoretti e sono nata a Venezia nel 1983.<br \/> Amo gli animali, ho due gatte che vizio assieme a quelli dei vicini che vengono ad approfittare delle ciotole piene. La mia stagione preferita \u00e8 la primavera perch\u00e9 gli alberi si ricoprono del loro verde rinvigorente e sbocciano i tulipani, i fiori che prediligo. Il rosso \u00e8 il colore che mi rappresenta, che mi da forza e sicurezza.<br \/>Nel 2019  ho celebrato il mio primo matrimonio civile per una coppia che non voleva essere sposata da qualcuno che non la conosceva e non avrebbe saputo dare il giusto pathos al grande momento: \u00e8 stato cos\u00ec che ho sorpreso ed emozionato tutti raccontando la mia prima love story, focalizzando le parole sul tema scelto per le nozze (i giochi) e sul rispetto e coesione che legano, ancor oggi, gli sposi.<br \/>La positiva commozione che riscontro nei presenti nelle cerimonie che svolgo mi confermano ogni volta che con la mia empatia e le mie parole riesco sempre a toccare i giusti nervi per rendere emozionante, coinvolgente, sincera ed unica, ogni mia celebrazione.<\/p>","protected":false},"author":1,"comment_status":"closed","ping_status":"closed","template":"","at_biz_dir-location":[],"at_biz_dir-category":[],"at_biz_dir-tags":[],"atbdp_listing_types":[132],"class_list":["post-401973","at_biz_dir","type-at_biz_dir","status-publish","has-post-thumbnail","hentry","atbdp_listing_types-general"],"yoast_head":"<!-- This site is optimized with the Yoast SEO plugin v26.5 - https:\/\/yoast.com\/wordpress\/plugins\/seo\/ -->\n<title>Giorgia Vettoretti - celebranti.com<\/title>\n<meta name=\"robots\" content=\"index, follow, max-snippet:-1, max-image-preview:large, max-video-preview:-1\" \/>\n<link rel=\"canonical\" href=\"https:\/\/celebranti.com\/en\/celebrant\/giorgia-vettoretti\/\" \/>\n<meta property=\"og:locale\" content=\"en_GB\" \/>\n<meta property=\"og:type\" content=\"article\" \/>\n<meta property=\"og:title\" content=\"Giorgia Vettoretti - celebranti.com\" \/>\n<meta property=\"og:description\" content=\"Ciao e benvenuti nel mio profilo, sono Giorgia Vettoretti e sono nata a Venezia nel 1983. Amo gli animali, ho due gatte che vizio assieme a quelli dei vicini che vengono ad approfittare delle ciotole piene. La mia stagione preferita \u00e8 la primavera perch\u00e9 gli alberi si ricoprono del loro verde rinvigorente e sbocciano i [&hellip;]\" \/>\n<meta property=\"og:url\" content=\"https:\/\/celebranti.com\/en\/celebrant\/giorgia-vettoretti\/\" \/>\n<meta property=\"og:site_name\" content=\"celebranti.com\" \/>\n<meta property=\"article:modified_time\" content=\"2026-04-23T09:32:04+00:00\" \/>\n<meta property=\"og:image\" content=\"https:\/\/celebranti.com\/wp-content\/uploads\/2026\/04\/FOTO-Giorgia-Vettoretti-1112x850-722720260423112811.jpg\" \/>\n\t<meta property=\"og:image:width\" content=\"1112\" \/>\n\t<meta property=\"og:image:height\" content=\"850\" \/>\n\t<meta property=\"og:image:type\" content=\"image\/jpeg\" \/>\n<meta name=\"twitter:card\" content=\"summary_large_image\" \/>\n<meta name=\"twitter:label1\" content=\"Estimated reading time\" \/>\n\t<meta name=\"twitter:data1\" content=\"1 minute\" \/>\n<script type=\"application\/ld+json\" class=\"yoast-schema-graph\">{\"@context\":\"https:\/\/schema.org\",\"@graph\":[{\"@type\":\"WebPage\",\"@id\":\"https:\/\/celebranti.com\/celebrant\/giorgia-vettoretti\/\",\"url\":\"https:\/\/celebranti.com\/celebrant\/giorgia-vettoretti\/\",\"name\":\"Giorgia Vettoretti - celebranti.com\",\"isPartOf\":{\"@id\":\"https:\/\/celebranti.com\/#website\"},\"primaryImageOfPage\":{\"@id\":\"https:\/\/celebranti.com\/celebrant\/giorgia-vettoretti\/#primaryimage\"},\"image\":{\"@id\":\"https:\/\/celebranti.com\/celebrant\/giorgia-vettoretti\/#primaryimage\"},\"thumbnailUrl\":\"https:\/\/celebranti.com\/wp-content\/uploads\/2026\/04\/FOTO-Giorgia-Vettoretti-1112x850-722720260423112811.jpg\",\"datePublished\":\"2026-04-23T07:31:26+00:00\",\"dateModified\":\"2026-04-23T09:32:04+00:00\",\"breadcrumb\":{\"@id\":\"https:\/\/celebranti.com\/celebrant\/giorgia-vettoretti\/#breadcrumb\"},\"inLanguage\":\"en-GB\",\"potentialAction\":[{\"@type\":\"ReadAction\",\"target\":[\"https:\/\/celebranti.com\/celebrant\/giorgia-vettoretti\/\"]}]},{\"@type\":\"ImageObject\",\"inLanguage\":\"en-GB\",\"@id\":\"https:\/\/celebranti.com\/celebrant\/giorgia-vettoretti\/#primaryimage\",\"url\":\"https:\/\/celebranti.com\/wp-content\/uploads\/2026\/04\/FOTO-Giorgia-Vettoretti-1112x850-722720260423112811.jpg\",\"contentUrl\":\"https:\/\/celebranti.com\/wp-content\/uploads\/2026\/04\/FOTO-Giorgia-Vettoretti-1112x850-722720260423112811.jpg\",\"width\":1112,\"height\":850,\"caption\":\"Giorgia Vettoretti\"},{\"@type\":\"BreadcrumbList\",\"@id\":\"https:\/\/celebranti.com\/celebrant\/giorgia-vettoretti\/#breadcrumb\",\"itemListElement\":[{\"@type\":\"ListItem\",\"position\":1,\"name\":\"Home\",\"item\":\"https:\/\/celebranti.com\/\"},{\"@type\":\"ListItem\",\"position\":2,\"name\":\"Giorgia Vettoretti\"}]},{\"@type\":\"WebSite\",\"@id\":\"https:\/\/celebranti.com\/#website\",\"url\":\"https:\/\/celebranti.com\/\",\"name\":\"celebranti.com\",\"description\":\"il sito dei celebranti\",\"potentialAction\":[{\"@type\":\"SearchAction\",\"target\":{\"@type\":\"EntryPoint\",\"urlTemplate\":\"https:\/\/celebranti.com\/?s={search_term_string}\"},\"query-input\":{\"@type\":\"PropertyValueSpecification\",\"valueRequired\":true,\"valueName\":\"search_term_string\"}}],\"inLanguage\":\"en-GB\"}]}<\/script>\n<!-- \/ Yoast SEO plugin. -->","yoast_head_json":{"title":"Giorgia Vettoretti - celebranti.com","robots":{"index":"index","follow":"follow","max-snippet":"max-snippet:-1","max-image-preview":"max-image-preview:large","max-video-preview":"max-video-preview:-1"},"canonical":"https:\/\/celebranti.com\/en\/celebrant\/giorgia-vettoretti\/","og_locale":"en_GB","og_type":"article","og_title":"Giorgia Vettoretti - celebranti.com","og_description":"Ciao e benvenuti nel mio profilo, sono Giorgia Vettoretti e sono nata a Venezia nel 1983. Amo gli animali, ho due gatte che vizio assieme a quelli dei vicini che vengono ad approfittare delle ciotole piene. La mia stagione preferita \u00e8 la primavera perch\u00e9 gli alberi si ricoprono del loro verde rinvigorente e sbocciano i [&hellip;]","og_url":"https:\/\/celebranti.com\/en\/celebrant\/giorgia-vettoretti\/","og_site_name":"celebranti.com","article_modified_time":"2026-04-23T09:32:04+00:00","og_image":[{"width":1112,"height":850,"url":"https:\/\/celebranti.com\/wp-content\/uploads\/2026\/04\/FOTO-Giorgia-Vettoretti-1112x850-722720260423112811.jpg","type":"image\/jpeg"}],"twitter_card":"summary_large_image","twitter_misc":{"Estimated reading time":"1 minute"},"schema":{"@context":"https:\/\/schema.org","@graph":[{"@type":"WebPage","@id":"https:\/\/celebranti.com\/celebrant\/giorgia-vettoretti\/","url":"https:\/\/celebranti.com\/celebrant\/giorgia-vettoretti\/","name":"Giorgia Vettoretti - celebranti.com","isPartOf":{"@id":"https:\/\/celebranti.com\/#website"},"primaryImageOfPage":{"@id":"https:\/\/celebranti.com\/celebrant\/giorgia-vettoretti\/#primaryimage"},"image":{"@id":"https:\/\/celebranti.com\/celebrant\/giorgia-vettoretti\/#primaryimage"},"thumbnailUrl":"https:\/\/celebranti.com\/wp-content\/uploads\/2026\/04\/FOTO-Giorgia-Vettoretti-1112x850-722720260423112811.jpg","datePublished":"2026-04-23T07:31:26+00:00","dateModified":"2026-04-23T09:32:04+00:00","breadcrumb":{"@id":"https:\/\/celebranti.com\/celebrant\/giorgia-vettoretti\/#breadcrumb"},"inLanguage":"en-GB","potentialAction":[{"@type":"ReadAction","target":["https:\/\/celebranti.com\/celebrant\/giorgia-vettoretti\/"]}]},{"@type":"ImageObject","inLanguage":"en-GB","@id":"https:\/\/celebranti.com\/celebrant\/giorgia-vettoretti\/#primaryimage","url":"https:\/\/celebranti.com\/wp-content\/uploads\/2026\/04\/FOTO-Giorgia-Vettoretti-1112x850-722720260423112811.jpg","contentUrl":"https:\/\/celebranti.com\/wp-content\/uploads\/2026\/04\/FOTO-Giorgia-Vettoretti-1112x850-722720260423112811.jpg","width":1112,"height":850,"caption":"Giorgia Vettoretti"},{"@type":"BreadcrumbList","@id":"https:\/\/celebranti.com\/celebrant\/giorgia-vettoretti\/#breadcrumb","itemListElement":[{"@type":"ListItem","position":1,"name":"Home","item":"https:\/\/celebranti.com\/"},{"@type":"ListItem","position":2,"name":"Giorgia Vettoretti"}]},{"@type":"WebSite","@id":"https:\/\/celebranti.com\/#website","url":"https:\/\/celebranti.com\/","name":"celebranti.com","description":"il sito dei celebranti","potentialAction":[{"@type":"SearchAction","target":{"@type":"EntryPoint","urlTemplate":"https:\/\/celebranti.com\/?s={search_term_string}"},"query-input":{"@type":"PropertyValueSpecification","valueRequired":true,"valueName":"search_term_string"}}],"inLanguage":"en-GB"}]}},"_links":{"self":[{"href":"https:\/\/celebranti.com\/en\/wp-json\/wp\/v2\/at_biz_dir\/401973","targetHints":{"allow":["GET"]}}],"collection":[{"href":"https:\/\/celebranti.com\/en\/wp-json\/wp\/v2\/at_biz_dir"}],"about":[{"href":"https:\/\/celebranti.com\/en\/wp-json\/wp\/v2\/types\/at_biz_dir"}],"author":[{"embeddable":true,"href":"https:\/\/celebranti.com\/en\/wp-json\/wp\/v2\/users\/1"}],"replies":[{"embeddable":true,"href":"https:\/\/celebranti.com\/en\/wp-json\/wp\/v2\/comments?post=401973"}],"wp:featuredmedia":[{"embeddable":true,"href":"https:\/\/celebranti.com\/en\/wp-json\/wp\/v2\/media\/401978"}],"wp:attachment":[{"href":"https:\/\/celebranti.com\/en\/wp-json\/wp\/v2\/media?parent=401973"}],"wp:term":[{"taxonomy":"at_biz_dir-location","embeddable":true,"href":"https:\/\/celebranti.com\/en\/wp-json\/wp\/v2\/at_biz_dir-location?post=401973"},{"taxonomy":"at_biz_dir-category","embeddable":true,"href":"https:\/\/celebranti.com\/en\/wp-json\/wp\/v2\/at_biz_dir-category?post=401973"},{"taxonomy":"at_biz_dir-tags","embeddable":true,"href":"https:\/\/celebranti.com\/en\/wp-json\/wp\/v2\/at_biz_dir-tags?post=401973"},{"taxonomy":"atbdp_listing_types","embeddable":true,"href":"https:\/\/celebranti.com\/en\/wp-json\/wp\/v2\/atbdp_listing_types?post=401973"}],"curies":[{"name":"wp","href":"https:\/\/api.w.org\/{rel}","templated":true}]}}